{"id":9281,"date":"2023-09-22T13:14:42","date_gmt":"2023-09-22T13:14:42","guid":{"rendered":"https:\/\/difrenos.com\/?post_type=product&#038;p=9281"},"modified":"2026-02-16T12:43:55","modified_gmt":"2026-02-16T12:43:55","slug":"peto-y-collarin-leatt-fusion-2-0","status":"publish","type":"product","link":"https:\/\/difrenos.com\/index.php\/producto\/peto-y-collarin-leatt-fusion-2-0\/","title":{"rendered":"Peto y Collar\u00edn Leatt Fusion 2.0"},"content":{"rendered":"<p>Referencia: 1018010021 Talla S\/M<\/p>\n<ul>\n<li>Protecci\u00f3n corporal todo en uno<\/li>\n<li>Probado y certificado por la CE como equipo de protecci\u00f3n personal y protecci\u00f3n contra impactos, protege el pecho, la espalda, los hombros y las regiones de los flancos. Para mayor protecci\u00f3n, tiene una estructura de abrazadera para el cuello incorporada hecha de resina de poliamida reforzada con fibra de vidrio que est\u00e1 dise\u00f1ada para romperse en una emergencia. Tambi\u00e9n tiene un corte en la clav\u00edcula que ayuda a proteger sus fr\u00e1giles huesos.<\/li>\n<li>Hecho de espuma de impacto suave 3DF AirFit que ofrece ventilaci\u00f3n, el dise\u00f1o 3D del Fusion 2.0 Junior se ajustar\u00e1 c\u00f3modamente. Esta suave espuma, sin embargo, absorbe energ\u00eda al impactar para recibir esos golpes.<\/li>\n<li>Nuevo dise\u00f1o de producto ligero y flexible para un mejor ajuste y comodidad.<\/li>\n<li>Espuma de impacto suave ventilada 3DF AirFit<\/li>\n<li>CE probado y certificado como equipo de protecci\u00f3n personal 89\/686 \/ EEC<\/li>\n<li>CE probado y certificado como protecci\u00f3n contra impactos:<\/li>\n<li>Pecho prEN1621-3 Nivel 1<\/li>\n<li>Atr\u00e1s EN1621-2 Nivel 1<\/li>\n<li>Hombro EN1621-1<\/li>\n<li>Protecci\u00f3n de flanco<\/li>\n<li>Punto de fractura dise\u00f1ado en el puntal tor\u00e1cico trasero dise\u00f1ado para romperse en caso de emergencia<\/li>\n<li>El corte de la clav\u00edcula ayuda a proteger sus huesos m\u00e1s fr\u00e1giles<\/li>\n<li>Estructura de collar\u00edn de resina de poliamida reforzada con fibra de vidrio<\/li>\n<li>Ajustes de tama\u00f1o f\u00e1ciles de usar, sin herramientas y dise\u00f1o tridimensional para un ajuste perfecto<\/li>\n<\/ul>\n","protected":false},"excerpt":{"rendered":"<p>Talla S\/M<\/p>\n","protected":false},"featured_media":9282,"template":"","meta":{"_et_pb_use_builder":"","_et_pb_old_content":"","_et_gb_content_width":""},"product_cat":[33,116,167],"product_tag":[666,682],"_links":{"self":[{"href":"https:\/\/difrenos.com\/index.php\/wp-json\/wp\/v2\/product\/9281"}],"collection":[{"href":"https:\/\/difrenos.com\/index.php\/wp-json\/wp\/v2\/product"}],"about":[{"href":"https:\/\/difrenos.com\/index.php\/wp-json\/wp\/v2\/types\/product"}],"wp:featuredmedia":[{"embeddable":true,"href":"https:\/\/difrenos.com\/index.php\/wp-json\/wp\/v2\/media\/9282"}],"wp:attachment":[{"href":"https:\/\/difrenos.com\/index.php\/wp-json\/wp\/v2\/media?parent=9281"}],"wp:term":[{"taxonomy":"product_cat","embeddable":true,"href":"https:\/\/difrenos.com\/index.php\/wp-json\/wp\/v2\/product_cat?post=9281"},{"taxonomy":"product_tag","embeddable":true,"href":"https:\/\/difrenos.com\/index.php\/wp-json\/wp\/v2\/product_tag?post=9281"}],"curies":[{"name":"wp","href":"https:\/\/api.w.org\/{rel}","templated":true}]}}