{"id":23875,"date":"2026-02-02T16:19:04","date_gmt":"2026-02-02T16:19:04","guid":{"rendered":"https:\/\/difrenos.com\/?post_type=product&#038;p=23875"},"modified":"2026-03-31T21:33:28","modified_gmt":"2026-03-31T21:33:28","slug":"husqvarna-fe-350-2026-2","status":"publish","type":"product","link":"https:\/\/difrenos.com\/index.php\/producto\/husqvarna-fe-350-2026-2\/","title":{"rendered":"HUSQVARNA FE 350 2026"},"content":{"rendered":"<div id=\"page\">\n<div class=\"container-out\">\n<div class=\"row danielcienno\">\n<div id=\"center_column\" class=\"center_column col-xs-12 col-sm-12\">\n<div class=\"primary_block row\">\n<div class=\"pb-left-column_pb-center-column\">\n<div class=\"rowstyle\">\n<div class=\"row\">\n<div class=\"col-sm-12\">\n<div class=\"tab-content\">\n<div id=\"descripcion\" class=\"tab-pane active\" role=\"tabpanel\">\n<div id=\"descripcion\" class=\"tab-pane\" role=\"tabpanel\">\n<div class=\"rteD\">\n<section>\n<h3>HUSQVARNA FE 350 2026<\/h3>\n<\/section>\n<\/div>\n<\/div>\n<\/div>\n<\/div>\n<\/div>\n<\/div>\n<\/div>\n<\/div>\n<\/div>\n<div id=\"recomendador_footer_producto\">\n<div class=\"cn_content cn_content_type_inline id-16504bb6-9020-4dcc-b7ed-3483764581bd\">\n<div class=\"cn_section id-434a451b-720b-4570-aac0-8a312e79e6eb\">\n<div class=\"cn_block id-c256dca4-1d70-4d8a-81c9-cc13f104925e\">\n<div class=\"cn_cell id-5cccd211-9e88-4086-891e-a702ce8f2b49\">\n<div class=\"cn_element cn_products id-2e122afc-7d2e-46b7-ae55-525d234f450e cn__slider js_slide\" data-column-quantity=\"5\" data-carousel-interval=\"0\" data-responsive-column-quantity=\"1\" data-content-responsive-breakpoint=\"768px\">\n<div class=\"cn__frame js_frame\">\n<p>Proporcionando a pilotos de todos los niveles el equilibrio perfecto entre potencia y agilidad, la vers\u00e1til FE 350 es famosa por sus prestaciones de enduro puro. Para garantizar una conducci\u00f3n segura, el motor est\u00e1 situado en el interior del chasis para centralizar la masa, lo que junto con la suspensi\u00f3n WP progresiva, garantiza una conducci\u00f3n que inspira confianza. Una selecci\u00f3n de componentes cuidadosamente seleccionados y probados en competici\u00f3n de Michelin, ProTaper y D.I.D subrayan la naturaleza de competici\u00f3n de la FE 350, mientras que sus gr\u00e1ficos de inspiraci\u00f3n sueca crean un aspecto moderno.<\/p>\n<div class=\"benefits aem-GridColumn aem-GridColumn--default--12\">\n<section class=\"c-benefit component js-benefits\">\n<div>\n<article class=\"c-benefit__category js-benefit-category\">\n<div class=\"container-fluid p-0\">\n<div class=\"container\">\n<h3 class=\"c-benefit__heading highlight\">01. Rendimiento progresivo<\/h3>\n<\/div>\n<article class=\"c-benefit__feature c-benefit__feature--first-feature js-benefit-feature \">\n<figure class=\"c-benefit__benefit-image\"><img src=\"https:\/\/azwecdnepstoragewebsiteuploads.azureedge.net\/PHO_BIKE_DET_HQV-FE-350-2026-benefit-01_%23SALL_%23AEPI_%23V1.jpg\" alt=\"Rendimiento progresivo\" \/><\/figure>\n<\/article>\n<\/div>\n<div class=\"container\">\n<div class=\"c-benefit__feature-container\" data-display=\"hqv-desktop\">\n<div class=\"glider glider--hqv glider--hqv-active glide--ltr glide--slider glide--swipeable\">\n<div class=\"glide__track\" data-glide-el=\"track\">\n<section class=\"c-benefit__features glide__slides\">\n<article class=\"c-benefit__feature js-benefit-feature glide__slide js-benefit-slide glide__slide--active\">\n<figure class=\"c-benefit__feature-image\"><\/figure>\n<\/article>\n<article class=\"c-benefit__feature js-benefit-feature glide__slide js-benefit-slide\">\n<div class=\"c-benefit__feature-content\"><\/div>\n<\/article>\n<\/section>\n<\/div>\n<div class=\"glide__arrows\" data-glide-el=\"controls\"><\/div>\n<\/div>\n<\/div>\n<\/div>\n<\/article>\n<article class=\"c-benefit__category js-benefit-category\">\n<div class=\"container-fluid p-0\">\n<div class=\"container\">\n<h3 class=\"c-benefit__heading highlight\">02. Parte ciclo de alta tecnolog\u00eda<\/h3>\n<\/div>\n<article class=\"c-benefit__feature c-benefit__feature--first-feature js-benefit-feature \">\n<figure class=\"c-benefit__benefit-image\"><img src=\"https:\/\/azwecdnepstoragewebsiteuploads.azureedge.net\/PHO_BIKE_DET_HQV-FE-350-2026-benefit-03_%23SALL_%23AEPI_%23V1.jpg\" alt=\"Parte ciclo de alta tecnolog\u00eda\" \/><\/figure>\n<\/article>\n<\/div>\n<div class=\"container\">\n<div class=\"c-benefit__feature-container\" data-display=\"hqv-desktop\">\n<div class=\"glider glider--hqv glider--hqv-active glide--ltr glide--slider glide--swipeable\">\n<div class=\"glide__track\" data-glide-el=\"track\"><\/div>\n<\/div>\n<\/div>\n<\/div>\n<\/article>\n<article class=\"c-benefit__category js-benefit-category\">\n<div class=\"container-fluid p-0\">\n<div class=\"container\">\n<h3 class=\"c-benefit__heading highlight\">03. Ventaja innovadora<\/h3>\n<\/div>\n<article class=\"c-benefit__feature c-benefit__feature--first-feature js-benefit-feature \">\n<figure class=\"c-benefit__benefit-image\"><img src=\"https:\/\/azwecdnepstoragewebsiteuploads.azureedge.net\/PHO_BIKE_DET_HQV-FE-250-450-2026-benefit-01_%23SALL_%23AEPI_%23V1.jpg\" alt=\"Ventaja innovadora\" \/><\/figure>\n<\/article>\n<\/div>\n<div class=\"container\">\n<div class=\"c-benefit__feature-container\" data-display=\"hqv-desktop\">\n<div class=\"glider glider--hqv glider--hqv-active glide--ltr glide--slider glide--swipeable\">\n<div class=\"glide__track\" data-glide-el=\"track\"><\/div>\n<\/div>\n<\/div>\n<\/div>\n<\/article>\n<article class=\"c-benefit__category js-benefit-category\">\n<div class=\"container-fluid p-0\">\n<div class=\"container\">\n<h3 class=\"c-benefit__heading highlight\">0.4. Tecnolog\u00eda avanzada<\/h3>\n<\/div>\n<article class=\"c-benefit__feature c-benefit__feature--first-feature js-benefit-feature \">\n<figure class=\"c-benefit__benefit-image\"><img src=\"https:\/\/azwecdnepstoragewebsiteuploads.azureedge.net\/PHO_BIKE_DET_HQV-FE-250-2026-benefit-03_%23SALL_%23AEPI_%23V1.jpg\" alt=\"Tecnolog\u00eda avanzada\" \/><\/figure>\n<\/article>\n<\/div>\n<div class=\"container\">\n<div class=\"c-benefit__feature-container\" data-display=\"hqv-desktop\">\n<div class=\"glider glider--hqv glider--hqv-active glide--ltr glide--slider glide--swipeable\">\n<div class=\"glide__track\" data-glide-el=\"track\"><\/div>\n<div class=\"glide__arrows\" data-glide-el=\"controls\"><\/div>\n<\/div>\n<\/div>\n<\/div>\n<\/article>\n<\/div>\n<\/section>\n<\/div>\n<div class=\"responsivegrid-1-column responsivegrid aem-GridColumn aem-GridColumn--default--12\">\n<div class=\"container\">\n<div class=\"aem-Grid aem-Grid--12 aem-Grid--default--12 \"><\/div>\n<\/div>\n<\/div>\n<div class=\"technicaldata aem-GridColumn aem-GridColumn--default--12\">\n<section class=\"c-technical-data component js-technical-data\">\n<div class=\"container\">\n<div class=\"row\">\n<div class=\"col-md-12 col-lg-3 c-technical-data__image c-technical-data__image--left\">\n<figure class=\"c-technical-data__image-container c-technical-data__image-container--left js-image-container-left\"><img src=\"https:\/\/azwecdnepstoragewebsiteuploads.azureedge.net\/PHO_BIKE_FACT_HQV-4-stroke-Enduro-MY26-technische-Daten_%23SALL_%23AEPI_%23V1.jpg\" \/><\/figure>\n<\/div>\n<div class=\"col-md-12 col-lg-9\">\n<div class=\"row c-technical-data__backdrop c-technical-data__backdrop--top js-heading-row\">\n<div class=\"col-sm-12\"><\/div>\n<\/div>\n<\/div>\n<\/div>\n<\/div>\n<\/section>\n<\/div>\n<\/div>\n<\/div>\n<\/div>\n<\/div>\n<\/div>\n<\/div>\n<\/div>\n<div id=\"Dpopup3\" class=\"Doverlay ADpopup\">\n<div class=\"Dpopup\">\n<div class=\"Dcontent\">\n<div class=\"row c-technical-data__backdrop c-technical-data__backdrop--top js-heading-row\">\n<div class=\"col-sm-12\">\n<h3 class=\"c-technical-data__heading highlight\">Detalles T\u00e9cnicos<\/h3>\n<\/div>\n<\/div>\n<div class=\"row c-technical-data__backdrop js-data-row\">\n<div class=\"col-md-12 col-lg-6\">\n<article class=\"c-technical-data__group\">\n<h2 class=\"c-technical-data__group-heading js-group-toggle\">Motor<\/h2>\n<ul class=\"c-technical-data__list js-technical-data-list\">\n<li><span class=\"c-technical-data__list-label\">Transmisi\u00f3n primaria<\/span><span class=\"c-technical-data__list-value\">24:72<\/span><\/li>\n<li><span class=\"c-technical-data__list-label\">Cambio<\/span><span class=\"c-technical-data__list-value\">6 marchas<\/span><\/li>\n<li><span class=\"c-technical-data__list-label\">Capacidad de la bater\u00eda<\/span><span class=\"c-technical-data__list-value\">2 Ah<\/span><\/li>\n<li><span class=\"c-technical-data__list-label\">Refrigeraci\u00f3n<\/span><span class=\"c-technical-data__list-value\">Refrigeraci\u00f3n l\u00edquida<\/span><\/li>\n<li><span class=\"c-technical-data__list-label\">Arranque<\/span><span class=\"c-technical-data__list-value\">Arranque el\u00e9ctrico<\/span><\/li>\n<li class=\"\"><span class=\"c-technical-data__list-label\">Carrera<\/span><span class=\"c-technical-data__list-value\">57.5 mm<\/span><\/li>\n<li class=\"\"><span class=\"c-technical-data__list-label\">Di\u00e1metro<\/span><span class=\"c-technical-data__list-value\">88 mm<\/span><\/li>\n<li class=\"\"><span class=\"c-technical-data__list-label\">Embrague<\/span><span class=\"c-technical-data__list-value\">Embrague multidisco DDS en ba\u00f1o de aceite, sistema hidr\u00e1ulico Brembo<\/span><\/li>\n<li class=\"\"><span class=\"c-technical-data__list-label\">Compresi\u00f3n<\/span><span class=\"c-technical-data__list-value\">13.7<\/span><\/li>\n<li class=\"\"><span class=\"c-technical-data__list-label\">Cilindrada<\/span><span class=\"c-technical-data__list-value\">349.7 cm\u00b3<\/span><\/li>\n<li class=\"\"><span class=\"c-technical-data__list-label\">EMS<\/span><span class=\"c-technical-data__list-value\">Keihin EMS<\/span><\/li>\n<li class=\"\"><span class=\"c-technical-data__list-label\">Estructura<\/span><span class=\"c-technical-data__list-value\">Motor monocil\u00edndrico de 4 tiempos<\/span><\/li>\n<li class=\"\"><span class=\"c-technical-data__list-label\">Preparaci\u00f3n de la mezcla<\/span><span class=\"c-technical-data__list-value\">Keihin EFI, tobera de 42 mm<\/span><\/li>\n<\/ul>\n<\/article>\n<\/div>\n<div class=\"col-md-12 col-lg-6\">\n<article class=\"c-technical-data__group c-technical-data__group--last\">\n<h2 class=\"c-technical-data__group-heading js-group-toggle\">Parte Ciclo<\/h2>\n<ul class=\"c-technical-data__list js-technical-data-list\">\n<li><span class=\"c-technical-data__list-label\">Peso (sin combustible)<\/span><span class=\"c-technical-data__list-value\">109.2 kg<\/span><\/li>\n<li><span class=\"c-technical-data__list-label\">Capacidad del dep\u00f3sito (aprox.)<\/span><span class=\"c-technical-data__list-value\">8.0 l<\/span><\/li>\n<li><span class=\"c-technical-data__list-label\">Distancia entre ejes<\/span><span class=\"c-technical-data__list-value\">1489 mm<\/span><\/li>\n<li><span class=\"c-technical-data__list-label\">Di\u00e1metro del disco de freno delantero<\/span><span class=\"c-technical-data__list-value\">260 mm<\/span><\/li>\n<li><span class=\"c-technical-data__list-label\">Di\u00e1metro del disco de freno trasero<\/span><span class=\"c-technical-data__list-value\">220 mm<\/span><\/li>\n<li class=\"\"><span class=\"c-technical-data__list-label\">Cadena<\/span><span class=\"c-technical-data__list-value\">Junta en X 520<\/span><\/li>\n<li class=\"\"><span class=\"c-technical-data__list-label\">Estructura del chasis<\/span><span class=\"c-technical-data__list-value\">Tipo de doble cuna central, acero 25CrMo4<\/span><\/li>\n<li class=\"\"><span class=\"c-technical-data__list-label\">Suspensi\u00f3n delantera<\/span><span class=\"c-technical-data__list-value\">Cartucho WP XACT \u00d8\u00a048\u00a0mm<\/span><\/li>\n<li class=\"\"><span class=\"c-technical-data__list-label\">Altura libre al suelo<\/span><span class=\"c-technical-data__list-value\">343 mm<\/span><\/li>\n<li class=\"\"><span class=\"c-technical-data__list-label\">Manillar<\/span><span class=\"c-technical-data__list-value\">Pro Taper, aluminio de 28\/22\u00a0mm de di\u00e1metro<\/span><\/li>\n<li class=\"\"><span class=\"c-technical-data__list-label\">Suspensi\u00f3n trasera<\/span><span class=\"c-technical-data__list-value\">Amortiguador trasero WP XACT con varillas<\/span><\/li>\n<li class=\"\"><span class=\"c-technical-data__list-label\">Altura del asiento<\/span><span class=\"c-technical-data__list-value\">952 mm<\/span><\/li>\n<li class=\"\"><span class=\"c-technical-data__list-label\">Silenciador<\/span><span class=\"c-technical-data__list-value\">Aluminio<\/span><\/li>\n<li class=\"\"><span class=\"c-technical-data__list-label\">\u00c1ngulo de direcci\u00f3n<\/span><span class=\"c-technical-data__list-value\">63.9 \u00b0<\/span><\/li>\n<li class=\"\"><span class=\"c-technical-data__list-label\">Estructura del subchasis trasero<\/span><span class=\"c-technical-data__list-value\">Poliamida reforzada con aluminio<\/span><\/li>\n<li class=\"\"><span class=\"c-technical-data__list-label\">Recorrido de suspensi\u00f3n delantera<\/span><span class=\"c-technical-data__list-value\">300 mm<\/span><\/li>\n<li class=\"\"><span class=\"c-technical-data__list-label\">Recorrido de suspensi\u00f3n trasera<\/span><span class=\"c-technical-data__list-value\">300 mm<\/span><\/li>\n<li class=\"\"><span class=\"c-technical-data__list-label\">Dimensiones de neum\u00e1ticos (delantero\/trasero)<\/span><span class=\"c-technical-data__list-value\">90\/90; 140\/80<\/span><\/li>\n<li class=\"\"><span class=\"c-technical-data__list-label\">Ruedas<\/span><span class=\"c-technical-data__list-value\">1.60 x 21&#8243;; 2.15 x 18&#8243;<\/span><\/li>\n<li class=\"\"><span class=\"c-technical-data__list-label\">Ruedas<\/span><span class=\"c-technical-data__list-value\">Llantas de aluminio de radios<\/span><\/li>\n<li class=\"\"><span class=\"c-technical-data__list-label\">Distancia entre ejes<\/span><span class=\"c-technical-data__list-value\">1489 \u00b1 10 mm<\/span><\/li>\n<\/ul>\n<\/article>\n<\/div>\n<\/div>\n<p>&nbsp;<\/p>\n<p>&nbsp;<\/p>\n<p>&nbsp;<\/p>\n<\/div>\n<\/div>\n<\/div>\n<div id=\"Dpopup4\" class=\"Doverlay ADpopup\">\n<div class=\"Dpopup\"><\/div>\n<\/div>\n<\/div>\n<\/div>\n<\/div>\n<\/div>\n<div class=\"footer-container\">\n<footer id=\"footer\" class=\"container\">\n<div class=\"row\">\n<section class=\"footer-block col-xs-12 columna-Footer-dos\">\n<div class=\"block_content toggle-footer bordeinfdb\"><\/div>\n<\/section>\n<section id=\"social_block\" class=\"footer-block col-xs-12 col-sm-2 columna-Footer-uno\"><\/section>\n<\/div>\n<\/footer>\n<\/div>\n<div class=\"cookiefirst-root notranslate\" dir=\"ltr\" lang=\"es\" translate=\"no\" data-nosnippet=\"true\" aria-label=\"Cookie banner\" aria-modal=\"true\"><\/div>\n","protected":false},"excerpt":{"rendered":"<p>PODEMOS COGER MOTO A\u00a0 CAMBIO<\/p>\n<p>FINANCIACION AL 2,99% TIN a 36 MESES (se adjunto tabla de ejemplos)<\/p>\n","protected":false},"featured_media":24071,"template":"","meta":{"_et_pb_use_builder":"","_et_pb_old_content":"","_et_gb_content_width":""},"product_cat":[326,324,129],"product_tag":[296,656],"_links":{"self":[{"href":"https:\/\/difrenos.com\/index.php\/wp-json\/wp\/v2\/product\/23875"}],"collection":[{"href":"https:\/\/difrenos.com\/index.php\/wp-json\/wp\/v2\/product"}],"about":[{"href":"https:\/\/difrenos.com\/index.php\/wp-json\/wp\/v2\/types\/product"}],"wp:featuredmedia":[{"embeddable":true,"href":"https:\/\/difrenos.com\/index.php\/wp-json\/wp\/v2\/media\/24071"}],"wp:attachment":[{"href":"https:\/\/difrenos.com\/index.php\/wp-json\/wp\/v2\/media?parent=23875"}],"wp:term":[{"taxonomy":"product_cat","embeddable":true,"href":"https:\/\/difrenos.com\/index.php\/wp-json\/wp\/v2\/product_cat?post=23875"},{"taxonomy":"product_tag","embeddable":true,"href":"https:\/\/difrenos.com\/index.php\/wp-json\/wp\/v2\/product_tag?post=23875"}],"curies":[{"name":"wp","href":"https:\/\/api.w.org\/{rel}","templated":true}]}}