{"id":22457,"date":"2025-09-29T10:07:46","date_gmt":"2025-09-29T10:07:46","guid":{"rendered":"https:\/\/difrenos.com\/?post_type=product&#038;p=22457"},"modified":"2026-01-09T13:20:39","modified_gmt":"2026-01-09T13:20:39","slug":"husqvarna-te-300-pro-2026","status":"publish","type":"product","link":"https:\/\/difrenos.com\/index.php\/producto\/husqvarna-te-300-pro-2026\/","title":{"rendered":"HUSQVARNA TE 300 PRO 2026"},"content":{"rendered":"<p>Con un dise\u00f1o distintivo y sin rival en los senderos, la TE 300 Pro define el rendimiento puro del enduro de 2 tiempos. Su superior manejabilidad es el resultado de combinar el renombrado modelo est\u00e1ndar con una extensa lista de Accesorios T\u00e9cnicos. El juego de ruedas Factory Racing a\u00f1ade resistencia y estilo, al igual que el pi\u00f1\u00f3n trasero Supersprox Stealth, mientras que los pu\u00f1os ODI de compuesto blando y una funda de asiento Competition maximizan el confort y el control. La inyecci\u00f3n en el cuerpo del acelerador (TBI) proporciona una potencia suave y controlable, que puede ajustarse mediante el intuitivo conmutador de selecci\u00f3n de mapas. Los componentes GALFER, Michelin, Twin Air y ProTaper, probados en competici\u00f3n, completan el equipamiento de esta codiciada moto.<\/p>\n<div class=\"row c-technical-data__backdrop c-technical-data__backdrop--top js-heading-row\">\n<div class=\"col-sm-12\">\n<h3 class=\"c-technical-data__heading highlight\">Detalles T\u00e9cnicos<\/h3>\n<\/div>\n<\/div>\n<div class=\"row c-technical-data__backdrop js-data-row\">\n<div class=\"col-md-12 col-lg-6\">\n<article class=\"c-technical-data__group\">\n<h2 class=\"c-technical-data__group-heading js-group-toggle\">Motor<\/h2>\n<ul class=\"c-technical-data__list js-technical-data-list\">\n<li><span class=\"c-technical-data__list-label\">Transmisi\u00f3n primaria<\/span><span class=\"c-technical-data__list-value\">26:72<\/span><\/li>\n<li><span class=\"c-technical-data__list-label\">Cambio<\/span><span class=\"c-technical-data__list-value\">6 marchas<\/span><\/li>\n<li><span class=\"c-technical-data__list-label\">Capacidad de la bater\u00eda<\/span><span class=\"c-technical-data__list-value\">2 Ah<\/span><\/li>\n<li><span class=\"c-technical-data__list-label\">Refrigeraci\u00f3n<\/span><span class=\"c-technical-data__list-value\">Refrigeraci\u00f3n l\u00edquida<\/span><\/li>\n<li><span class=\"c-technical-data__list-label\">Arranque<\/span><span class=\"c-technical-data__list-value\">Arranque el\u00e9ctrico<\/span><\/li>\n<li class=\"\"><span class=\"c-technical-data__list-label\">Carrera<\/span><span class=\"c-technical-data__list-value\">72 mm<\/span><\/li>\n<li class=\"\"><span class=\"c-technical-data__list-label\">Di\u00e1metro<\/span><span class=\"c-technical-data__list-value\">72 mm<\/span><\/li>\n<li class=\"\"><span class=\"c-technical-data__list-label\">Embrague<\/span><span class=\"c-technical-data__list-value\">Embrague multidisco DDS en ba\u00f1o de aceite, sistema hidr\u00e1ulico Brembo<\/span><\/li>\n<li class=\"\"><span class=\"c-technical-data__list-label\">Cilindrada<\/span><span class=\"c-technical-data__list-value\">293.2 cm\u00b3<\/span><\/li>\n<li class=\"\"><span class=\"c-technical-data__list-label\">EMS<\/span><span class=\"c-technical-data__list-value\">EMS de Vitesco Technologies<\/span><\/li>\n<li class=\"\"><span class=\"c-technical-data__list-label\">Estructura<\/span><span class=\"c-technical-data__list-value\">Motor monocil\u00edndrico de 2 tiempos<\/span><\/li>\n<li class=\"\"><span class=\"c-technical-data__list-label\">Preparaci\u00f3n de la mezcla<\/span><span class=\"c-technical-data__list-value\">Keihin EFI, cuerpo de aceleraci\u00f3n de 39\u00a0mm<\/span><\/li>\n<\/ul>\n<\/article>\n<\/div>\n<div class=\"col-md-12 col-lg-6\">\n<article class=\"c-technical-data__group c-technical-data__group--last\">\n<h2 class=\"c-technical-data__group-heading js-group-toggle\">Parte Ciclo<\/h2>\n<ul class=\"c-technical-data__list js-technical-data-list\">\n<li><span class=\"c-technical-data__list-label\">Peso (sin combustible)<\/span><span class=\"c-technical-data__list-value\">108.3 kg<\/span><\/li>\n<li><span class=\"c-technical-data__list-label\">Capacidad del dep\u00f3sito (aprox.)<\/span><span class=\"c-technical-data__list-value\">8.5 l<\/span><\/li>\n<li><span class=\"c-technical-data__list-label\">Distancia entre ejes<\/span><span class=\"c-technical-data__list-value\">1.489 mm<\/span><\/li>\n<li><span class=\"c-technical-data__list-label\">Di\u00e1metro del disco de freno delantero<\/span><span class=\"c-technical-data__list-value\">260 mm<\/span><\/li>\n<li><span class=\"c-technical-data__list-label\">Di\u00e1metro del disco de freno trasero<\/span><span class=\"c-technical-data__list-value\">220 mm<\/span><\/li>\n<li class=\"\"><span class=\"c-technical-data__list-label\">Freno delantero<\/span><span class=\"c-technical-data__list-value\">Freno de disco<\/span><\/li>\n<li class=\"\"><span class=\"c-technical-data__list-label\">Freno trasero<\/span><span class=\"c-technical-data__list-value\">Freno de disco<\/span><\/li>\n<li class=\"\"><span class=\"c-technical-data__list-label\">Cadena<\/span><span class=\"c-technical-data__list-value\">Junta en X 520<\/span><\/li>\n<li class=\"\"><span class=\"c-technical-data__list-label\">Estructura del chasis<\/span><span class=\"c-technical-data__list-value\">Tipo de doble cuna central, acero 25CrMo4<\/span><\/li>\n<li class=\"\"><span class=\"c-technical-data__list-label\">Suspensi\u00f3n delantera<\/span><span class=\"c-technical-data__list-value\">Horquilla invertida WP XACT \u00d8 48\u00a0mm<\/span><\/li>\n<li class=\"\"><span class=\"c-technical-data__list-label\">Altura libre al suelo<\/span><span class=\"c-technical-data__list-value\">354 mm<\/span><\/li>\n<li class=\"\"><span class=\"c-technical-data__list-label\">Manillar<\/span><span class=\"c-technical-data__list-value\">Pro Taper, aluminio de 28\/22\u00a0mm de di\u00e1metro<\/span><\/li>\n<li class=\"\"><span class=\"c-technical-data__list-label\">Suspensi\u00f3n trasera<\/span><span class=\"c-technical-data__list-value\">Amortiguador trasero WP XACT con varillas<\/span><\/li>\n<li class=\"\"><span class=\"c-technical-data__list-label\">Altura del asiento<\/span><span class=\"c-technical-data__list-value\">952 mm<\/span><\/li>\n<li class=\"\"><span class=\"c-technical-data__list-label\">Silenciador<\/span><span class=\"c-technical-data__list-value\">Aluminio<\/span><\/li>\n<li class=\"\"><span class=\"c-technical-data__list-label\">\u00c1ngulo de direcci\u00f3n<\/span><span class=\"c-technical-data__list-value\">63.9 \u00b0<\/span><\/li>\n<li class=\"\"><span class=\"c-technical-data__list-label\">Estructura del subchasis trasero<\/span><span class=\"c-technical-data__list-value\">Poliamida reforzada con aluminio<\/span><\/li>\n<li class=\"\"><span class=\"c-technical-data__list-label\">Recorrido de suspensi\u00f3n delantera<\/span><span class=\"c-technical-data__list-value\">300 mm<\/span><\/li>\n<li class=\"\"><span class=\"c-technical-data__list-label\">Recorrido de suspensi\u00f3n trasera<\/span><span class=\"c-technical-data__list-value\">300 mm<\/span><\/li>\n<li class=\"\"><span class=\"c-technical-data__list-label\">Dimensiones de neum\u00e1ticos (delantero\/trasero)<\/span><span class=\"c-technical-data__list-value\">90\/90; 140\/80<\/span><\/li>\n<li class=\"\"><span class=\"c-technical-data__list-label\">Ruedas<\/span><span class=\"c-technical-data__list-value\">1.60 x 21&#8243;; 2.15 x 18&#8243;<\/span><\/li>\n<\/ul>\n<\/article>\n<\/div>\n<\/div>\n","protected":false},"excerpt":{"rendered":"<p>PODEMOS COGER MOTO A CAMBIO<\/p>\n","protected":false},"featured_media":22783,"template":"","meta":{"_et_pb_use_builder":"","_et_pb_old_content":"","_et_gb_content_width":""},"product_cat":[326,324,129],"product_tag":[],"_links":{"self":[{"href":"https:\/\/difrenos.com\/index.php\/wp-json\/wp\/v2\/product\/22457"}],"collection":[{"href":"https:\/\/difrenos.com\/index.php\/wp-json\/wp\/v2\/product"}],"about":[{"href":"https:\/\/difrenos.com\/index.php\/wp-json\/wp\/v2\/types\/product"}],"wp:featuredmedia":[{"embeddable":true,"href":"https:\/\/difrenos.com\/index.php\/wp-json\/wp\/v2\/media\/22783"}],"wp:attachment":[{"href":"https:\/\/difrenos.com\/index.php\/wp-json\/wp\/v2\/media?parent=22457"}],"wp:term":[{"taxonomy":"product_cat","embeddable":true,"href":"https:\/\/difrenos.com\/index.php\/wp-json\/wp\/v2\/product_cat?post=22457"},{"taxonomy":"product_tag","embeddable":true,"href":"https:\/\/difrenos.com\/index.php\/wp-json\/wp\/v2\/product_tag?post=22457"}],"curies":[{"name":"wp","href":"https:\/\/api.w.org\/{rel}","templated":true}]}}