{"id":21542,"date":"2025-08-27T12:53:59","date_gmt":"2025-08-27T12:53:59","guid":{"rendered":"https:\/\/difrenos.com\/?post_type=product&#038;p=21542"},"modified":"2026-03-31T21:34:05","modified_gmt":"2026-03-31T21:34:05","slug":"husqvarna-enduro-701-2026","status":"publish","type":"product","link":"https:\/\/difrenos.com\/index.php\/producto\/husqvarna-enduro-701-2026\/","title":{"rendered":"HUSQVARNA 701 ENDURO 2026"},"content":{"rendered":"<div class=\"models__description models__description--desktop-only\">La \u00faltima 701 Enduro no conoce l\u00edmites. Ensamblada por expertos en torno a una parte ciclo perfectamente equilibrada, esta m\u00e1quina todoterreno se sit\u00faa a la vanguardia de la fabricaci\u00f3n moderna de motocicletas. Adem\u00e1s de utilizar la \u00faltima tecnolog\u00eda, el rendimiento de su avanzado motor es personalizable gracias a una extensa lista de ayudas electr\u00f3nicas al piloto. Dise\u00f1ada para recorrer largas distancias, la 701 Enduro es un modelo verdaderamente \u00fanico, que destaca en pistas de grava y terrenos accidentados, al tiempo que es igualmente competente en carretera abierta.<\/div>\n<div>\n<p><strong>Caracter\u00edsticas t\u00e9cnicas m\u00e1s destacadas:<\/strong><\/p>\n<p><strong>Carrocer\u00eda y parte ciclo<\/strong><\/p>\n<ul>\n<li>La nueva carrocer\u00eda, con colores y gr\u00e1ficos llamativos, crea un aspecto distintivo y vanguardista.<\/li>\n<li>Chasis multitubular en acero al cromo molibdeno<\/li>\n<li>Basculante de aluminio.<\/li>\n<li>Subchasis trasero de poliamida con dep\u00f3sito de gasolina integrado<\/li>\n<li>Nuevos puntos de fijaci\u00f3n para el caballete central<\/li>\n<li>Ajustes de suspensi\u00f3n actualizados<\/li>\n<\/ul>\n<p><strong>\u00a0<\/strong><strong><br \/>\nMotor<\/strong><\/p>\n<ul>\n<li>Motor monocil\u00edndrico redise\u00f1ado y m\u00e1s potente<\/li>\n<li>Cubierta de la caja del filtro de aire y del conducto de admisi\u00f3n redise\u00f1adas<\/li>\n<li>Nueva bomba de gasolina con mayor presi\u00f3n<\/li>\n<li>Nuevo escape con catalizador reubicado<\/li>\n<li>Diagrama de distribuci\u00f3n actualizado para optimizar el par motor a bajas revoluciones<\/li>\n<li>Acelerador ride-by-wire con giro de 65 grados<\/li>\n<li>Los intervalos de mantenimiento se han aumentado de 10.000 a 15.000 km para los cambios de aceite y a 30.000 km para el control del reglaje de v\u00e1lvulas.<\/li>\n<\/ul>\n<p><strong>Tecnolog\u00eda<\/strong><\/p>\n<ul>\n<li>Nueva instrumentaci\u00f3n TFT horizontal de 4,2 pulgadas<\/li>\n<li>Puerto de carga USB-C<\/li>\n<li>Conectividad mejorada a trav\u00e9s de la app Ride HQV, como reproductor de m\u00fasica, posibilidad de responder a llamadas entrantes y navegaci\u00f3n paso a paso+.<\/li>\n<li>Nueva funcionalidad de los modos de conducci\u00f3n, que incluye los modos Supermoto\/Offroad ABS con funciones de memoria<\/li>\n<li>La funci\u00f3n ABS se puede desactivar por completo en la 701 Enduro para obtener un rendimiento offroad excepcional con un bot\u00f3n ABS espec\u00edfico.<\/li>\n<li>La 701 Enduro cuenta con un modo Rally opcional que desbloquea funciones adicionales, incluyendo el nuevo ajuste din\u00e1mico del deslizamiento, la regulaci\u00f3n del freno motor y un ajustador del deslizamiento.<\/li>\n<li>La 701 Supermoto cuenta con un modo Track opcional que desbloquea funciones como el control de salida, el modo antiwheelie de 5 niveles, la regulaci\u00f3n del freno motor y un ajustador de deslizamiento.<\/li>\n<li>MTC en curvas y ABS en curvas en ambos modelos<\/li>\n<li>Nuevos modos de ABS Supermoto+ y Sport en la 701 Supermoto<\/li>\n<li>Nuevo ajuste din\u00e1mico del deslizamiento en la 701 Enduro.<\/li>\n<li>Nueva \u00f3ptica delantera LED para una mejor visibilidad.<\/li>\n<\/ul>\n<p>La colecci\u00f3n de equipaci\u00f3n Functional Apparel ofrece una amplia gama de art\u00edculos dise\u00f1ados para proporcionar la m\u00e1xima protecci\u00f3n, practicidad y comodidad, lo que garantiza que los pilotos est\u00e9n bien preparados para todas las condiciones y debidamente equipados en todo momento. Adem\u00e1s, es posible personalizar a\u00fan m\u00e1s las 701 Enduro y 701 Supermoto con la amplia gama de accesorios t\u00e9cnicos dise\u00f1ados para ofrecer mayor protecci\u00f3n, durabilidad y estilo a ambas m\u00e1quinas.<\/p>\n<p>La producci\u00f3n de las nuevas 701 Enduro y 701 Supermoto comenzar\u00e1 en septiembre de 2025.<\/p>\n<\/div>\n<div>\n<div class=\"benefits aem-GridColumn aem-GridColumn--default--12\">\n<section class=\"c-benefit component js-benefits\">\n<div>\n<article class=\"c-benefit__category js-benefit-category\">\n<div class=\"container-fluid p-0\">\n<div class=\"container\">\n<h3 class=\"c-benefit__heading highlight\">01. Dise\u00f1o de precisi\u00f3n<\/h3>\n<\/div>\n<article class=\"c-benefit__feature c-benefit__feature--first-feature js-benefit-feature \">\n<figure class=\"c-benefit__benefit-image\"><img src=\"https:\/\/azwecdnepstoragewebsiteuploads.azureedge.net\/PHO_BIKE_DET_HQV-Travel-701-Enduro-MY26-preciselyengineered2_%23SALL_%23AEPI_%23V1.jpg\" alt=\"Dise\u00f1o de precisi\u00f3n \" \/><\/figure>\n<\/article>\n<\/div>\n<div class=\"container\">\n<div class=\"c-benefit__feature-container\" data-display=\"hqv-desktop\">\n<div class=\"glider glider--hqv glider--hqv-active glide--ltr glide--slider glide--swipeable\">\n<div class=\"glide__track\" data-glide-el=\"track\">\n<section class=\"c-benefit__features glide__slides\">\n<article class=\"c-benefit__feature js-benefit-feature glide__slide js-benefit-slide\">\n<figure class=\"c-benefit__feature-image\"><\/figure>\n<div class=\"c-benefit__feature-content\">\n<div class=\"c-benefit__feature-content-body\"><\/div>\n<p>&nbsp;<\/p>\n<\/div>\n<\/article>\n<article class=\"c-benefit__feature js-benefit-feature glide__slide js-benefit-slide glide__slide--active\">\n<figure class=\"c-benefit__feature-image\"><\/figure>\n<div class=\"c-benefit__feature-content\">\n<div class=\"c-benefit__feature-content-body\"><\/div>\n<p>&nbsp;<\/p>\n<\/div>\n<\/article>\n<article class=\"c-benefit__feature js-benefit-feature glide__slide js-benefit-slide\">\n<figure class=\"c-benefit__feature-image\"><\/figure>\n<div class=\"c-benefit__feature-content\">\n<div class=\"c-benefit__feature-content-body\"><\/div>\n<p>&nbsp;<\/p>\n<\/div>\n<\/article>\n<article class=\"c-benefit__feature js-benefit-feature glide__slide js-benefit-slide\">\n<figure class=\"c-benefit__feature-image\"><\/figure>\n<div class=\"c-benefit__feature-content\">\n<div class=\"c-benefit__feature-content-body\"><\/div>\n<p>&nbsp;<\/p>\n<\/div>\n<\/article>\n<article class=\"c-benefit__feature js-benefit-feature glide__slide js-benefit-slide\">\n<figure class=\"c-benefit__feature-image\"><\/figure>\n<div class=\"c-benefit__feature-content\">\n<div class=\"c-benefit__feature-content-body\"><\/div>\n<p>&nbsp;<\/p>\n<\/div>\n<\/article>\n<article class=\"c-benefit__feature js-benefit-feature glide__slide js-benefit-slide\">\n<figure class=\"c-benefit__feature-image\"><\/figure>\n<div class=\"c-benefit__feature-content\">\n<div class=\"c-benefit__feature-content-body\"><\/div>\n<p>&nbsp;<\/p>\n<\/div>\n<\/article>\n<\/section>\n<\/div>\n<div class=\"glide__arrows\" data-glide-el=\"controls\"><\/div>\n<\/div>\n<\/div>\n<\/div>\n<\/article>\n<article class=\"c-benefit__category js-benefit-category\">\n<div class=\"container-fluid p-0\">\n<div class=\"container\">\n<h3 class=\"c-benefit__heading highlight\">02. Una obra maestra<\/h3>\n<\/div>\n<article class=\"c-benefit__feature c-benefit__feature--first-feature js-benefit-feature \">\n<figure class=\"c-benefit__benefit-image\"><img src=\"https:\/\/azwecdnepstoragewebsiteuploads.azureedge.net\/PHO_BIKE_DET_HQV-Travel-701-Enduro-MY26-masterpiece2_%23SALL_%23AEPI_%23V1.jpg\" alt=\"Una obra maestra \" \/><\/figure>\n<\/article>\n<\/div>\n<div class=\"container\">\n<div class=\"c-benefit__feature-container\" data-display=\"hqv-desktop\">\n<div class=\"glider glider--hqv glider--hqv-active glide--ltr glide--slider glide--swipeable\">\n<div class=\"glide__track\" data-glide-el=\"track\">\n<section class=\"c-benefit__features glide__slides\">\n<article class=\"c-benefit__feature js-benefit-feature glide__slide js-benefit-slide\">\n<figure class=\"c-benefit__feature-image\"><\/figure>\n<div class=\"c-benefit__feature-content\">\n<div class=\"c-benefit__feature-content-body\"><\/div>\n<p>&nbsp;<\/p>\n<\/div>\n<\/article>\n<article class=\"c-benefit__feature js-benefit-feature glide__slide js-benefit-slide glide__slide--active\">\n<figure class=\"c-benefit__feature-image\"><\/figure>\n<div class=\"c-benefit__feature-content\">\n<div class=\"c-benefit__feature-content-body\"><\/div>\n<p>&nbsp;<\/p>\n<\/div>\n<\/article>\n<article class=\"c-benefit__feature js-benefit-feature glide__slide js-benefit-slide\">\n<figure class=\"c-benefit__feature-image\"><\/figure>\n<div class=\"c-benefit__feature-content\">\n<div class=\"c-benefit__feature-content-body\"><\/div>\n<p>&nbsp;<\/p>\n<\/div>\n<\/article>\n<article class=\"c-benefit__feature js-benefit-feature glide__slide js-benefit-slide\">\n<figure class=\"c-benefit__feature-image\"><\/figure>\n<div class=\"c-benefit__feature-content\">\n<div class=\"c-benefit__feature-content-body\"><\/div>\n<p>&nbsp;<\/p>\n<\/div>\n<\/article>\n<\/section>\n<\/div>\n<div class=\"glide__arrows\" data-glide-el=\"controls\"><\/div>\n<\/div>\n<\/div>\n<\/div>\n<\/article>\n<article class=\"c-benefit__category js-benefit-category\">\n<div class=\"container-fluid p-0\">\n<div class=\"container\">\n<h3 class=\"c-benefit__heading highlight\">03. Control perfecto<\/h3>\n<\/div>\n<article class=\"c-benefit__feature c-benefit__feature--first-feature js-benefit-feature \">\n<figure class=\"c-benefit__benefit-image\"><img src=\"https:\/\/azwecdnepstoragewebsiteuploads.azureedge.net\/PHO_BIKE_DET_HQV-Travel-701-Enduro-MY26-perfectcontrol2_%23SALL_%23AEPI_%23V1.jpg\" alt=\"Control perfecto \" \/><\/figure>\n<\/article>\n<\/div>\n<div class=\"container\">\n<div class=\"c-benefit__feature-container\" data-display=\"hqv-desktop\">\n<div class=\"glider glider--hqv glider--hqv-active glide--ltr glide--slider glide--swipeable\">\n<div class=\"glide__track\" data-glide-el=\"track\">\n<section class=\"c-benefit__features glide__slides\">\n<article class=\"c-benefit__feature js-benefit-feature glide__slide js-benefit-slide\">\n<figure class=\"c-benefit__feature-image\"><\/figure>\n<div class=\"c-benefit__feature-content\">\n<div class=\"c-benefit__feature-content-body\"><\/div>\n<p>&nbsp;<\/p>\n<\/div>\n<\/article>\n<article class=\"c-benefit__feature js-benefit-feature glide__slide js-benefit-slide glide__slide--active\">\n<figure class=\"c-benefit__feature-image\"><\/figure>\n<div class=\"c-benefit__feature-content\">\n<div class=\"c-benefit__feature-content-body\"><\/div>\n<p>&nbsp;<\/p>\n<\/div>\n<\/article>\n<article class=\"c-benefit__feature js-benefit-feature glide__slide js-benefit-slide\">\n<figure class=\"c-benefit__feature-image\"><\/figure>\n<div class=\"c-benefit__feature-content\">\n<div class=\"c-benefit__feature-content-body\"><\/div>\n<p>&nbsp;<\/p>\n<\/div>\n<\/article>\n<article class=\"c-benefit__feature js-benefit-feature glide__slide js-benefit-slide\">\n<figure class=\"c-benefit__feature-image\"><\/figure>\n<div class=\"c-benefit__feature-content\">\n<div class=\"c-benefit__feature-content-body\"><\/div>\n<p>&nbsp;<\/p>\n<\/div>\n<\/article>\n<\/section>\n<\/div>\n<div class=\"glide__arrows\" data-glide-el=\"controls\"><\/div>\n<\/div>\n<\/div>\n<\/div>\n<\/article>\n<article class=\"c-benefit__category js-benefit-category\">\n<div class=\"container-fluid p-0\">\n<div class=\"container\">\n<h3 class=\"c-benefit__heading highlight\">04. Tecnolog\u00eda de alta gama<\/h3>\n<\/div>\n<article class=\"c-benefit__feature c-benefit__feature--first-feature js-benefit-feature \">\n<figure class=\"c-benefit__benefit-image\"><img src=\"https:\/\/azwecdnepstoragewebsiteuploads.azureedge.net\/PHO_BIKE_DET_HQV-Travel-701-Enduro-MY26-premiumtechnology2_%23SALL_%23AEPI_%23V1.jpg\" alt=\"Tecnolog\u00eda de alta gama\" \/><\/figure>\n<\/article>\n<\/div>\n<div class=\"container\">\n<div class=\"c-benefit__feature-container\" data-display=\"hqv-desktop\">\n<div class=\"glider glider--hqv\">\n<div class=\"glide__track\" data-glide-el=\"track\">\n<section class=\"c-benefit__features glide__slides c-benefit__features--centered\">\n<article class=\"c-benefit__feature js-benefit-feature glide__slide js-benefit-slide \">\n<figure class=\"c-benefit__feature-image\"><\/figure>\n<div class=\"c-benefit__feature-content\">\n<div class=\"c-benefit__feature-content-body\"><\/div>\n<p>&nbsp;<\/p>\n<\/div>\n<\/article>\n<article class=\"c-benefit__feature js-benefit-feature glide__slide js-benefit-slide \">\n<figure class=\"c-benefit__feature-image\"><\/figure>\n<div class=\"c-benefit__feature-content\">\n<div class=\"c-benefit__feature-content-body\"><\/div>\n<\/div>\n<\/article>\n<article class=\"c-benefit__feature js-benefit-feature glide__slide js-benefit-slide \">\n<figure class=\"c-benefit__feature-image\"><\/figure>\n<div class=\"c-benefit__feature-content\">\n<div class=\"c-benefit__feature-content-body\"><\/div>\n<p>&nbsp;<\/p>\n<\/div>\n<\/article>\n<\/section>\n<\/div>\n<\/div>\n<\/div>\n<\/div>\n<\/article>\n<\/div>\n<\/section>\n<\/div>\n<div class=\"responsivegrid-1-column responsivegrid aem-GridColumn aem-GridColumn--default--12\">\n<div class=\"container\">\n<div class=\"aem-Grid aem-Grid--12 aem-Grid--default--12 \"><\/div>\n<\/div>\n<\/div>\n<div class=\"technicaldata aem-GridColumn aem-GridColumn--default--12\">\n<section class=\"c-technical-data component js-technical-data\">\n<div class=\"container\">\n<div class=\"row\">\n<div class=\"col-md-12 col-lg-3 c-technical-data__image c-technical-data__image--left\">\n<figure class=\"c-technical-data__image-container c-technical-data__image-container--left js-image-container-left c-technical-data__image-container--left-open\"><img src=\"https:\/\/azwecdnepstoragewebsiteuploads.azureedge.net\/PHO_BIKE_FACT_HQV-Travel-701-Enduro-MY26-technischedaten_%23SALL_%23AEPI_%23V1.jpg\" \/><\/figure>\n<\/div>\n<div class=\"col-md-12 col-lg-9\">\n<div class=\"row c-technical-data__backdrop c-technical-data__backdrop--top js-heading-row\">\n<div class=\"col-sm-12\">\n<h3 class=\"c-technical-data__heading highlight\">Detalles T\u00e9cnicos<\/h3>\n<\/div>\n<\/div>\n<div class=\"row c-technical-data__backdrop js-data-row\">\n<div class=\"col-md-12 col-lg-6\">\n<article class=\"c-technical-data__group\">\n<h2 class=\"c-technical-data__group-heading js-group-toggle\">Motor<\/h2>\n<ul class=\"c-technical-data__list js-technical-data-list\">\n<li><span class=\"c-technical-data__list-label\">Transmisi\u00f3n primaria<\/span><span class=\"c-technical-data__list-value\">36:79<\/span><\/li>\n<li><span class=\"c-technical-data__list-label\">Par m\u00e1ximo<\/span><span class=\"c-technical-data__list-value\">73 Nm<\/span><\/li>\n<li><span class=\"c-technical-data__list-label\">Cambio<\/span><span class=\"c-technical-data__list-value\">6 marchas<\/span><\/li>\n<li><span class=\"c-technical-data__list-label\">Capacidad de la bater\u00eda<\/span><span class=\"c-technical-data__list-value\">8.6 Ah<\/span><\/li>\n<li><span class=\"c-technical-data__list-label\">Refrigeraci\u00f3n<\/span><span class=\"c-technical-data__list-value\">Refrigeraci\u00f3n l\u00edquida<\/span><\/li>\n<li class=\"\"><span class=\"c-technical-data__list-label\">Transmisi\u00f3n secundaria<\/span><span class=\"c-technical-data__list-value\">15:46<\/span><\/li>\n<li class=\"\"><span class=\"c-technical-data__list-label\">Potencia en Kw<\/span><span class=\"c-technical-data__list-value\">58.1 kW<\/span><\/li>\n<li class=\"\"><span class=\"c-technical-data__list-label\">Potencia<\/span><span class=\"c-technical-data__list-value\">79 PS<\/span><\/li>\n<li class=\"\"><span class=\"c-technical-data__list-label\">Arranque<\/span><span class=\"c-technical-data__list-value\">Arranque el\u00e9ctrico<\/span><\/li>\n<li class=\"\"><span class=\"c-technical-data__list-label\">Carrera<\/span><span class=\"c-technical-data__list-value\">80 mm<\/span><\/li>\n<li class=\"\"><span class=\"c-technical-data__list-label\">Di\u00e1metro<\/span><span class=\"c-technical-data__list-value\">105 mm<\/span><\/li>\n<li class=\"\"><span class=\"c-technical-data__list-label\">Embrague<\/span><span class=\"c-technical-data__list-value\">PASC slipper clutch, hydraulically operated<\/span><\/li>\n<li class=\"\"><span class=\"c-technical-data__list-label\">Emisiones de CO<sub>2<\/sub><\/span><span class=\"c-technical-data__list-value\">98 g\/km<\/span><\/li>\n<li class=\"\"><span class=\"c-technical-data__list-label\">Compresi\u00f3n<\/span><span class=\"c-technical-data__list-value\">12.7<\/span><\/li>\n<li class=\"\"><span class=\"c-technical-data__list-label\">Cilindrada<\/span><span class=\"c-technical-data__list-value\">692.7 cm\u00b3<\/span><\/li>\n<li class=\"\"><span class=\"c-technical-data__list-label\">EMS<\/span><span class=\"c-technical-data__list-value\">EMS de Keihin con RBW, doble encendido<\/span><\/li>\n<li class=\"\"><span class=\"c-technical-data__list-label\">Estructura<\/span><span class=\"c-technical-data__list-value\">Motor monocil\u00edndrico de 4 tiempos<\/span><\/li>\n<li class=\"\"><span class=\"c-technical-data__list-label\">Consumo de combustible<\/span><span class=\"c-technical-data__list-value\">4.3 l\/100 km<\/span><\/li>\n<li class=\"\"><span class=\"c-technical-data__list-label\">Preparaci\u00f3n de la mezcla<\/span><span class=\"c-technical-data__list-value\">Keihin EFI (cuerpo de la mariposa de 50 mm)<\/span><\/li>\n<li class=\"\"><span class=\"c-technical-data__list-label\">Engrase<\/span><span class=\"c-technical-data__list-value\">Pressure lubrication with 1 oil pumps<\/span><\/li>\n<\/ul>\n<\/article>\n<\/div>\n<div class=\"col-md-12 col-lg-6\">\n<article class=\"c-technical-data__group c-technical-data__group--last\">\n<h2 class=\"c-technical-data__group-heading js-group-toggle\">Parte Ciclo<\/h2>\n<ul class=\"c-technical-data__list js-technical-data-list\">\n<li><span class=\"c-technical-data__list-label\">Peso (sin combustible)<\/span><span class=\"c-technical-data__list-value\">152 kg<\/span><\/li>\n<li><span class=\"c-technical-data__list-label\">Capacidad del dep\u00f3sito (aprox.)<\/span><span class=\"c-technical-data__list-value\">13.5 l<\/span><\/li>\n<li><span class=\"c-technical-data__list-label\">Distancia entre ejes<\/span><span class=\"c-technical-data__list-value\">1506 mm<\/span><\/li>\n<li><span class=\"c-technical-data__list-label\">Di\u00e1metro del disco de freno delantero<\/span><span class=\"c-technical-data__list-value\">300 mm<\/span><\/li>\n<li><span class=\"c-technical-data__list-label\">Di\u00e1metro del disco de freno trasero<\/span><span class=\"c-technical-data__list-value\">240 mm<\/span><\/li>\n<li class=\"\"><span class=\"c-technical-data__list-label\">Freno delantero<\/span><span class=\"c-technical-data__list-value\">Disco de freno, con pinza flotante Brembo de dos pistones<\/span><\/li>\n<li class=\"\"><span class=\"c-technical-data__list-label\">Freno trasero<\/span><span class=\"c-technical-data__list-value\">Disco de freno, con pinza flotante Brembo de un pist\u00f3n<\/span><\/li>\n<li class=\"\"><span class=\"c-technical-data__list-label\">Cadena<\/span><span class=\"c-technical-data__list-value\">Junta en X 520<\/span><\/li>\n<li class=\"\"><span class=\"c-technical-data__list-label\">Estructura del chasis<\/span><span class=\"c-technical-data__list-value\">Chasis entramado en acero al cromo-molibdeno, con pulvirevestimiento<\/span><\/li>\n<li class=\"\"><span class=\"c-technical-data__list-label\">Suspensi\u00f3n delantera<\/span><span class=\"c-technical-data__list-value\">WP-USD Xplor 48<\/span><\/li>\n<li class=\"\"><span class=\"c-technical-data__list-label\">Altura libre al suelo<\/span><span class=\"c-technical-data__list-value\">265 mm<\/span><\/li>\n<li class=\"\"><span class=\"c-technical-data__list-label\">Manillar<\/span><span class=\"c-technical-data__list-value\">Aluminio, conificado, \u00d8 28\/22 mm<\/span><\/li>\n<li class=\"\"><span class=\"c-technical-data__list-label\">Suspensi\u00f3n trasera<\/span><span class=\"c-technical-data__list-value\">WP XPLOR with Pro-Lever linkage<\/span><\/li>\n<li class=\"\"><span class=\"c-technical-data__list-label\">Altura del asiento<\/span><span class=\"c-technical-data__list-value\">935 mm<\/span><\/li>\n<li class=\"\"><span class=\"c-technical-data__list-label\">Silenciador<\/span><span class=\"c-technical-data__list-value\">Silenciadores principal y secundario de acero inoxidable<\/span><\/li>\n<li class=\"\"><span class=\"c-technical-data__list-label\">\u00c1ngulo de direcci\u00f3n<\/span><span class=\"c-technical-data__list-value\">62.3 \u00b0<\/span><\/li>\n<li class=\"\"><span class=\"c-technical-data__list-label\">Estructura del subchasis trasero<\/span><span class=\"c-technical-data__list-value\">Dep\u00f3sito de pl\u00e1stico autoportante<\/span><\/li>\n<li class=\"\"><span class=\"c-technical-data__list-label\">Recorrido de suspensi\u00f3n delantera<\/span><span class=\"c-technical-data__list-value\">265 mm<\/span><\/li>\n<li class=\"\"><span class=\"c-technical-data__list-label\">Recorrido de suspensi\u00f3n trasera<\/span><span class=\"c-technical-data__list-value\">250 mm<\/span><\/li>\n<li class=\"\"><span class=\"c-technical-data__list-label\">Dimensiones de neum\u00e1ticos (delantero\/trasero)<\/span><span class=\"c-technical-data__list-value\">90\/90; 140\/80<\/span><\/li>\n<li class=\"\"><span class=\"c-technical-data__list-label\">Ruedas<\/span><span class=\"c-technical-data__list-value\">1.85 x 21&#8243;; 2.50 x 18&#8243;<\/span><\/li>\n<li class=\"\"><span class=\"c-technical-data__list-label\">Ruedas<\/span><span class=\"c-technical-data__list-value\">Llantas de aluminio de radios<\/span><\/li>\n<li class=\"\"><span class=\"c-technical-data__list-label\">Distancia entre ejes<\/span><span class=\"c-technical-data__list-value\">1506 \u00b1 15 mm<\/span><\/li>\n<\/ul>\n<\/article>\n<\/div>\n<\/div>\n<\/div>\n<\/div>\n<\/div>\n<\/section>\n<\/div>\n<\/div>\n<div>*Precio venta al p\u00fablico, I.V.A 21% inclu\u00eddo<\/div>\n","protected":false},"excerpt":{"rendered":"<p>PODEMOS COGER MOTO A CAMBIO<\/p>\n<p><strong>FINANCIACION AL 2,99% TIN a 36 MESES (se adjunto tabla de ejemplos)<\/strong><\/p>\n","protected":false},"featured_media":22034,"template":"","meta":{"_et_pb_use_builder":"","_et_pb_old_content":"","_et_gb_content_width":""},"product_cat":[326,324,129],"product_tag":[],"_links":{"self":[{"href":"https:\/\/difrenos.com\/index.php\/wp-json\/wp\/v2\/product\/21542"}],"collection":[{"href":"https:\/\/difrenos.com\/index.php\/wp-json\/wp\/v2\/product"}],"about":[{"href":"https:\/\/difrenos.com\/index.php\/wp-json\/wp\/v2\/types\/product"}],"wp:featuredmedia":[{"embeddable":true,"href":"https:\/\/difrenos.com\/index.php\/wp-json\/wp\/v2\/media\/22034"}],"wp:attachment":[{"href":"https:\/\/difrenos.com\/index.php\/wp-json\/wp\/v2\/media?parent=21542"}],"wp:term":[{"taxonomy":"product_cat","embeddable":true,"href":"https:\/\/difrenos.com\/index.php\/wp-json\/wp\/v2\/product_cat?post=21542"},{"taxonomy":"product_tag","embeddable":true,"href":"https:\/\/difrenos.com\/index.php\/wp-json\/wp\/v2\/product_tag?post=21542"}],"curies":[{"name":"wp","href":"https:\/\/api.w.org\/{rel}","templated":true}]}}