{"id":21540,"date":"2025-08-27T12:52:57","date_gmt":"2025-08-27T12:52:57","guid":{"rendered":"https:\/\/difrenos.com\/?post_type=product&#038;p=21540"},"modified":"2026-04-09T07:32:46","modified_gmt":"2026-04-09T07:32:46","slug":"husqvarna-sm-701-2026","status":"publish","type":"product","link":"https:\/\/difrenos.com\/index.php\/producto\/husqvarna-sm-701-2026\/","title":{"rendered":"HUSQVARNA 701 SM 2026"},"content":{"rendered":"<table width=\"560\">\n<tbody>\n<tr>\n<td>Husqvarna Mobility se complace en presentar los modelos 701 Enduro y 701 Supermoto 2026, motocicletas de vanguardia, ahora renovadas con motores m\u00e1s potentes, una nueva carrocer\u00eda y tecnolog\u00eda a\u00fan m\u00e1s avanzada. Las \u00faltimas 701 Enduro y 701 Supermoto, son aut\u00e9nticos referentes en el segmento de motocicletas monocil\u00edndricas de gran cilindrada, prometen ofrecer una experiencia de pilotaje sin igual.<\/p>\n<p>Ambas motos, que comparten el ADN sueco caracter\u00edstico de Husqvarna, est\u00e1n equipadas con una nueva instrumentaci\u00f3n TFT de 4,2 pulgadas, que ofrece una conectividad mejorada y una moderna interfaz. Las lecturas de RPM y del indicador de marcha engranada son claramente visibles de un vistazo, mientras que el dise\u00f1o general sigue siendo tan atractivo como minimalista. Desde el manillar, puedes personalizar r\u00e1pidamente tu motocicleta seleccionando los modos de conducci\u00f3n que prefieras y activando o desactivando el control de tracci\u00f3n o el ABS. Estas opciones permiten una configuraci\u00f3n verdaderamente personalizada de la moto tanto en la 701 Enduro como en la 701 Supermoto.<\/p>\n<p>El ajuste din\u00e1mico del deslizamiento es una caracter\u00edstica totalmente nueva en la 701 Enduro. Disponible exclusivamente en el modo Rally opcional, ajusta autom\u00e1ticamente el deslizamiento m\u00e1ximo de la rueda trasera en funci\u00f3n de la tracci\u00f3n disponible en cada situaci\u00f3n. Es importante destacar que el ajuste din\u00e1mico del deslizamiento est\u00e1 dise\u00f1ado \u00fanicamente para aumentar el deslizamiento de la rueda trasera reduciendo el nivel del control de tracci\u00f3n de la motocicleta (MTC) cuando se necesita un deslizamiento adicional, pero no para reducir dicho deslizamiento.<\/p>\n<p>Por ejemplo, si el piloto utiliza un ajuste alto del MTC y se encuentra con un tramo embarrado o una subida pronunciada, el sistema permite temporalmente un mayor giro de la llanta sin reducir la potencia del motor. Una vez recuperada la tracci\u00f3n, los niveles de par y deslizamiento vuelven autom\u00e1ticamente al ajuste original del MTC.<\/p>\n<p>El modo ABS Supermoto+, compatible con la 701 Supermoto, se basa en los populares modos ABS Supermoto de generaciones anteriores. Esta nueva funci\u00f3n permite al piloto bloquear deliberadamente la rueda trasera en un \u00e1ngulo limitado para entrar con mayor facilidad en las curvas. Durante esta maniobra, el ABS permanece activo en la rueda delantera para mantener la estabilidad.<\/p>\n<p>El modo ABS Sport permite al piloto frenar de forma m\u00e1s agresiva antes de que intervenga el sistema ABS, manteniendo el control tanto en la rueda delantera como en la rueda trasera. En comparaci\u00f3n con el modo ABS Road, el ABS Sport permite una mayor presi\u00f3n de frenado en \u00e1ngulos de inclinaci\u00f3n m\u00e1s pronunciados, lo que ofrece un mejor control y permite a los pilotos experimentados frenar con m\u00e1s fuerza antes de que se active el ABS.<\/p>\n<p>Cada modelo cuenta ahora con un motor LC4 redise\u00f1ado que cumple con la normativa Euro 5+ y ofrece una potencia aumentada de 74 CV a 79 CV, junto con un menor consumo de combustible. Este renombrado motor monocil\u00edndrico produce una entrega de potencia perfectamente lineal y controlable, lo que garantiza un rendimiento excepcional junto con una agilidad y un comportamiento din\u00e1mico excepcionales de la parte ciclo. Adem\u00e1s, las suspensiones WP actualizadas y la nueva electr\u00f3nica, que incluye modos de conducci\u00f3n avanzados y opciones de ABS, mejoran a\u00fan m\u00e1s la experiencia de pilotaje.<\/p>\n<p>En carretera abierta, la 701 Enduro es una m\u00e1quina muy competitiva con una sobria decoraci\u00f3n en blanco y azul de clara inspiraci\u00f3n sueca. Gracias a la posibilidad de desactivar el ABS, los pilotos pueden controlar totalmente el frenado en terrenos irregulares. En el caso de la 701 Supermoto, su distintiva combinaci\u00f3n de colores blanco y amarillo le confiere una presencia imponente en todo momento, mientras que la pinza de freno delantero Brembo de cuatro pistones y el disco de freno de 320 mm garantizan una potencia de frenado superior.<\/p>\n<p>La nueva carrocer\u00eda supone una mejora t\u00e9cnica fundamental en ambos modelos, modernizando el dise\u00f1o cl\u00e1sico e ic\u00f3nico de ambas motocicletas, mejorando la experiencia de pilotaje en general y compartiendo unos gr\u00e1ficos redise\u00f1ados para un aspecto renovado, lo que garantiza que cada una de ellas destaque del resto.<\/p>\n<p><strong><br \/>\nCaracter\u00edsticas t\u00e9cnicas m\u00e1s destacadas:<\/strong><\/p>\n<p><strong>Carrocer\u00eda y parte ciclo<\/strong><\/p>\n<ul>\n<li>La nueva carrocer\u00eda, con colores y gr\u00e1ficos llamativos, crea un aspecto distintivo y vanguardista.<\/li>\n<li>Chasis multitubular en acero al cromo molibdeno<\/li>\n<li>Basculante de aluminio.<\/li>\n<li>Subchasis trasero de poliamida con dep\u00f3sito de gasolina integrado<\/li>\n<li>Nuevos puntos de fijaci\u00f3n para el caballete central<\/li>\n<li>Ajustes de suspensi\u00f3n actualizados<\/li>\n<\/ul>\n<p><strong>\u00a0<\/strong><strong><br \/>\nMotor<\/strong><\/p>\n<ul>\n<li>Motor monocil\u00edndrico redise\u00f1ado y m\u00e1s potente<\/li>\n<li>Cubierta de la caja del filtro de aire y del conducto de admisi\u00f3n redise\u00f1adas<\/li>\n<li>Nueva bomba de gasolina con mayor presi\u00f3n<\/li>\n<li>Nuevo escape con catalizador reubicado<\/li>\n<li>Diagrama de distribuci\u00f3n actualizado para optimizar el par motor a bajas revoluciones<\/li>\n<li>Acelerador ride-by-wire con giro de 65 grados<\/li>\n<li>Los intervalos de mantenimiento se han aumentado de 10.000 a 15.000 km para los cambios de aceite y a 30.000 km para el control del reglaje de v\u00e1lvulas.<\/li>\n<\/ul>\n<p><strong>Tecnolog\u00eda<\/strong><\/p>\n<ul>\n<li>Nueva instrumentaci\u00f3n TFT horizontal de 4,2 pulgadas<\/li>\n<li>Puerto de carga USB-C<\/li>\n<li>Conectividad mejorada a trav\u00e9s de la app Ride HQV, como reproductor de m\u00fasica, posibilidad de responder a llamadas entrantes y navegaci\u00f3n paso a paso+.<\/li>\n<li>Nueva funcionalidad de los modos de conducci\u00f3n, que incluye los modos Supermoto\/Offroad ABS con funciones de memoria<\/li>\n<li>La funci\u00f3n ABS se puede desactivar por completo en la 701 Enduro para obtener un rendimiento offroad excepcional con un bot\u00f3n ABS espec\u00edfico.<\/li>\n<li>La 701 Enduro cuenta con un modo Rally opcional que desbloquea funciones adicionales, incluyendo el nuevo ajuste din\u00e1mico del deslizamiento, la regulaci\u00f3n del freno motor y un ajustador del deslizamiento.<\/li>\n<li>La 701 Supermoto cuenta con un modo Track opcional que desbloquea funciones como el control de salida, el modo antiwheelie de 5 niveles, la regulaci\u00f3n del freno motor y un ajustador de deslizamiento.<\/li>\n<li>MTC en curvas y ABS en curvas en ambos modelos<\/li>\n<li>Nuevos modos de ABS Supermoto+ y Sport en la 701 Supermoto<\/li>\n<li>Nuevo ajuste din\u00e1mico del deslizamiento en la 701 Enduro.<\/li>\n<li>Nueva \u00f3ptica delantera LED para una mejor visibilidad.<\/li>\n<\/ul>\n<p>La colecci\u00f3n de equipaci\u00f3n Functional Apparel ofrece una amplia gama de art\u00edculos dise\u00f1ados para proporcionar la m\u00e1xima protecci\u00f3n, practicidad y comodidad, lo que garantiza que los pilotos est\u00e9n bien preparados para todas las condiciones y debidamente equipados en todo momento. Adem\u00e1s, es posible personalizar a\u00fan m\u00e1s las 701 Enduro y 701 Supermoto con la amplia gama de accesorios t\u00e9cnicos dise\u00f1ados para ofrecer mayor protecci\u00f3n, durabilidad y estilo a ambas m\u00e1quinas.<\/td>\n<\/tr>\n<\/tbody>\n<\/table>\n<p>&nbsp;<\/p>\n<div class=\"row c-technical-data__backdrop c-technical-data__backdrop--top js-heading-row\">\n<div class=\"col-sm-12\">\n<h3 class=\"c-technical-data__heading highlight\">Detalles T\u00e9cnicos<\/h3>\n<\/div>\n<\/div>\n<div class=\"row c-technical-data__backdrop js-data-row\">\n<div class=\"col-md-12 col-lg-6\">\n<article class=\"c-technical-data__group\">\n<h2 class=\"c-technical-data__group-heading js-group-toggle\">Motor<\/h2>\n<ul class=\"c-technical-data__list js-technical-data-list\">\n<li><span class=\"c-technical-data__list-label\">Transmisi\u00f3n primaria<\/span><span class=\"c-technical-data__list-value\">36:79<\/span><\/li>\n<li><span class=\"c-technical-data__list-label\">Par m\u00e1ximo<\/span><span class=\"c-technical-data__list-value\">73 Nm<\/span><\/li>\n<li><span class=\"c-technical-data__list-label\">Cambio<\/span><span class=\"c-technical-data__list-value\">6 marchas<\/span><\/li>\n<li><span class=\"c-technical-data__list-label\">Capacidad de la bater\u00eda<\/span><span class=\"c-technical-data__list-value\">8.6 Ah<\/span><\/li>\n<li><span class=\"c-technical-data__list-label\">Refrigeraci\u00f3n<\/span><span class=\"c-technical-data__list-value\">Refrigeraci\u00f3n l\u00edquida<\/span><\/li>\n<li class=\"\"><span class=\"c-technical-data__list-label\">Transmisi\u00f3n secundaria<\/span><span class=\"c-technical-data__list-value\">15:42<\/span><\/li>\n<li class=\"\"><span class=\"c-technical-data__list-label\">Potencia en Kw<\/span><span class=\"c-technical-data__list-value\">58.1 kW<\/span><\/li>\n<li class=\"\"><span class=\"c-technical-data__list-label\">Potencia<\/span><span class=\"c-technical-data__list-value\">79 PS<\/span><\/li>\n<li class=\"\"><span class=\"c-technical-data__list-label\">Potencia (CV)<\/span><span class=\"c-technical-data__list-value\">58.1 kW (79 PS)<\/span><\/li>\n<li class=\"\"><span class=\"c-technical-data__list-label\">Arranque<\/span><span class=\"c-technical-data__list-value\">Arranque el\u00e9ctrico<\/span><\/li>\n<li class=\"\"><span class=\"c-technical-data__list-label\">Carrera<\/span><span class=\"c-technical-data__list-value\">80 mm<\/span><\/li>\n<li class=\"\"><span class=\"c-technical-data__list-label\">Di\u00e1metro<\/span><span class=\"c-technical-data__list-value\">105 mm<\/span><\/li>\n<li class=\"\"><span class=\"c-technical-data__list-label\">Embrague<\/span><span class=\"c-technical-data__list-value\">PASC slipper clutch, hydraulically operated<\/span><\/li>\n<li class=\"\"><span class=\"c-technical-data__list-label\">Emisiones de CO<sub>2<\/sub><\/span><span class=\"c-technical-data__list-value\">96 g\/km<\/span><\/li>\n<li class=\"\"><span class=\"c-technical-data__list-label\">Compresi\u00f3n<\/span><span class=\"c-technical-data__list-value\">12.7<\/span><\/li>\n<li class=\"\"><span class=\"c-technical-data__list-label\">Cilindrada<\/span><span class=\"c-technical-data__list-value\">692.7 cm\u00b3<\/span><\/li>\n<li class=\"\"><span class=\"c-technical-data__list-label\">EMS<\/span><span class=\"c-technical-data__list-value\">EMS de Keihin con RBW, doble encendido<\/span><\/li>\n<li class=\"\"><span class=\"c-technical-data__list-label\">Estructura<\/span><span class=\"c-technical-data__list-value\">Motor monocil\u00edndrico de 4 tiempos<\/span><\/li>\n<li class=\"\"><span class=\"c-technical-data__list-label\">Consumo de combustible<\/span><span class=\"c-technical-data__list-value\">4.1 l\/100 km<\/span><\/li>\n<li class=\"\"><span class=\"c-technical-data__list-label\">Preparaci\u00f3n de la mezcla<\/span><span class=\"c-technical-data__list-value\">Keihin EFI (cuerpo de la mariposa de 50 mm)<\/span><\/li>\n<li class=\"\"><span class=\"c-technical-data__list-label\">Engrase<\/span><span class=\"c-technical-data__list-value\">Lubricaci\u00f3n a presi\u00f3n en circuito cerrado con 2 bombas de aceite<\/span><\/li>\n<\/ul>\n<\/article>\n<\/div>\n<div class=\"col-md-12 col-lg-6\">\n<article class=\"c-technical-data__group c-technical-data__group--last\">\n<h2 class=\"c-technical-data__group-heading js-group-toggle\">Parte Ciclo<\/h2>\n<ul class=\"c-technical-data__list js-technical-data-list\">\n<li><span class=\"c-technical-data__list-label\">Peso (sin combustible)<\/span><span class=\"c-technical-data__list-value\">152 kg<\/span><\/li>\n<li><span class=\"c-technical-data__list-label\">Capacidad del dep\u00f3sito (aprox.)<\/span><span class=\"c-technical-data__list-value\">13.5 l<\/span><\/li>\n<li><span class=\"c-technical-data__list-label\">Distancia entre ejes<\/span><span class=\"c-technical-data__list-value\">1476 mm<\/span><\/li>\n<li><span class=\"c-technical-data__list-label\">Di\u00e1metro del disco de freno delantero<\/span><span class=\"c-technical-data__list-value\">320 mm<\/span><\/li>\n<li><span class=\"c-technical-data__list-label\">Di\u00e1metro del disco de freno trasero<\/span><span class=\"c-technical-data__list-value\">240 mm<\/span><\/li>\n<li class=\"\"><span class=\"c-technical-data__list-label\">Freno delantero<\/span><span class=\"c-technical-data__list-value\">Disco de freno con pinza Brembo de cuatro pistones con anclaje radial<\/span><\/li>\n<li class=\"\"><span class=\"c-technical-data__list-label\">Freno trasero<\/span><span class=\"c-technical-data__list-value\">Disco de freno, con pinza flotante Brembo de un pist\u00f3n<\/span><\/li>\n<li class=\"\"><span class=\"c-technical-data__list-label\">Cadena<\/span><span class=\"c-technical-data__list-value\">Junta en X 520<\/span><\/li>\n<li class=\"\"><span class=\"c-technical-data__list-label\">Estructura del chasis<\/span><span class=\"c-technical-data__list-value\">Chasis entramado en acero al cromo-molibdeno, con pulvirevestimiento<\/span><\/li>\n<li class=\"\"><span class=\"c-technical-data__list-label\">Suspensi\u00f3n delantera<\/span><span class=\"c-technical-data__list-value\">WP APEX 48<\/span><\/li>\n<li class=\"\"><span class=\"c-technical-data__list-label\">Altura libre al suelo<\/span><span class=\"c-technical-data__list-value\">237 mm<\/span><\/li>\n<li class=\"\"><span class=\"c-technical-data__list-label\">Manillar<\/span><span class=\"c-technical-data__list-value\">Aluminio, conificado, \u00d8 28\/22 mm<\/span><\/li>\n<li class=\"\"><span class=\"c-technical-data__list-label\">Suspensi\u00f3n trasera<\/span><span class=\"c-technical-data__list-value\">WP APEX with Pro-Lever linkage<\/span><\/li>\n<li class=\"\"><span class=\"c-technical-data__list-label\">Altura del asiento<\/span><span class=\"c-technical-data__list-value\">899 mm<\/span><\/li>\n<li class=\"\"><span class=\"c-technical-data__list-label\">Silenciador<\/span><span class=\"c-technical-data__list-value\">Silenciadores principal y secundario de acero inoxidable<\/span><\/li>\n<li class=\"\"><span class=\"c-technical-data__list-label\">\u00c1ngulo de direcci\u00f3n<\/span><span class=\"c-technical-data__list-value\">63.6 \u00b0<\/span><\/li>\n<li class=\"\"><span class=\"c-technical-data__list-label\">Estructura del subchasis trasero<\/span><span class=\"c-technical-data__list-value\">Dep\u00f3sito de pl\u00e1stico autoportante<\/span><\/li>\n<li class=\"\"><span class=\"c-technical-data__list-label\">Recorrido de suspensi\u00f3n delantera<\/span><span class=\"c-technical-data__list-value\">224 mm<\/span><\/li>\n<li class=\"\"><span class=\"c-technical-data__list-label\">Recorrido de suspensi\u00f3n trasera<\/span><span class=\"c-technical-data__list-value\">240 mm<\/span><\/li>\n<li class=\"\"><span class=\"c-technical-data__list-label\">Dimensiones de neum\u00e1ticos (delantero\/trasero)<\/span><span class=\"c-technical-data__list-value\">120\/70; 160\/60<\/span><\/li>\n<li class=\"\"><span class=\"c-technical-data__list-label\">Ruedas<\/span><span class=\"c-technical-data__list-value\">3.5 x 17&#8243;; 5.0 x 17&#8243;<\/span><\/li>\n<li class=\"\"><span class=\"c-technical-data__list-label\">Ruedas<\/span><span class=\"c-technical-data__list-value\">Llantas de aluminio de radios sin c\u00e1mara<\/span><\/li>\n<li class=\"\"><span class=\"c-technical-data__list-label\">Distancia entre ejes<\/span><span class=\"c-technical-data__list-value\">1476 \u00b1 15 mm<\/span><\/li>\n<\/ul>\n<\/article>\n<\/div>\n<\/div>\n<p>Precio impuestos incluidos.<\/p>\n<p>Gesti\u00f3n de matriculaci\u00f3n + 250\u20ac<\/p>\n","protected":false},"excerpt":{"rendered":"<p>PODEMOS COGER MOTO A CAMBIO<\/p>\n<p>OFERTA FINANCIACION L 2,99% TIN HASTA 30\/06\/2026 , ADJUNTO TABLA DE EJEMPLOS<\/p>\n","protected":false},"featured_media":22038,"template":"","meta":{"_et_pb_use_builder":"","_et_pb_old_content":"","_et_gb_content_width":""},"product_cat":[324,129,327],"product_tag":[660,585],"_links":{"self":[{"href":"https:\/\/difrenos.com\/index.php\/wp-json\/wp\/v2\/product\/21540"}],"collection":[{"href":"https:\/\/difrenos.com\/index.php\/wp-json\/wp\/v2\/product"}],"about":[{"href":"https:\/\/difrenos.com\/index.php\/wp-json\/wp\/v2\/types\/product"}],"wp:featuredmedia":[{"embeddable":true,"href":"https:\/\/difrenos.com\/index.php\/wp-json\/wp\/v2\/media\/22038"}],"wp:attachment":[{"href":"https:\/\/difrenos.com\/index.php\/wp-json\/wp\/v2\/media?parent=21540"}],"wp:term":[{"taxonomy":"product_cat","embeddable":true,"href":"https:\/\/difrenos.com\/index.php\/wp-json\/wp\/v2\/product_cat?post=21540"},{"taxonomy":"product_tag","embeddable":true,"href":"https:\/\/difrenos.com\/index.php\/wp-json\/wp\/v2\/product_tag?post=21540"}],"curies":[{"name":"wp","href":"https:\/\/api.w.org\/{rel}","templated":true}]}}